{"id":224,"date":"2017-11-27T11:43:48","date_gmt":"2017-11-27T10:43:48","guid":{"rendered":"http:\/\/www.rainer-timber.at\/?page_id=224"},"modified":"2019-07-31T23:35:43","modified_gmt":"2019-07-31T21:35:43","slug":"hans-rainer","status":"publish","type":"page","link":"http:\/\/www.rainer-timber.at\/fr\/hans-rainer\/","title":{"rendered":"Hans Rainer"},"content":{"rendered":"<h1>Un bois de premi\u00e8re qualit\u00e9, et ce, dans le monde entier<\/h1>\n<p>Apr\u00e8s avoir achev\u00e9 ses \u00e9tudes \u00e0 l\u2019\u00e9cole sup\u00e9rieure du bois (Holztechnikum) \u00e0 Kuchl, Hans Rainer passe quelques ann\u00e9es en Italie et aux \u00c9tats-Unis. Ces s\u00e9jours sont pour lui l\u2019occasion d\u2019\u00e9tablir des contacts dans le monde entier, d\u2019acqu\u00e9rir la sensibilit\u00e9 indispensable pour aborder diff\u00e9rentes cultures et d\u2019approfondir ses comp\u00e9tences en commerce international. L\u2019\u00ab Orient \u00bb devient alors sa seconde patrie.<\/p>\n<p>En 1988, Hans Rainer fonde la soci\u00e9t\u00e9 Rainer Timber Handelsgesellschaft mbH qu\u2019il dirige avec succ\u00e8s. Plusieurs d\u00e9cennies d\u2019activit\u00e9 internationale permettent \u00e0 cet \u00ab acteur plan\u00e9taire \u00bb de d\u00e9velopper sa propre philosophie d\u2019entreprise fond\u00e9e sur la comp\u00e9tence, l\u2019ouverture d\u2019esprit, le fair-play et les relations personnelles avec ses clients.<\/p>\n<p><a href=\"mailto:office@rainer-timber.at\">office@rainer-timber.at<\/a><\/p>\n","protected":false},"excerpt":{"rendered":"<p>Un bois de premi\u00e8re qualit\u00e9, et ce, dans le monde entier Apr\u00e8s avoir achev\u00e9 ses \u00e9tudes \u00e0 l\u2019\u00e9cole sup\u00e9rieure du bois (Holztechnikum) \u00e0 Kuchl, Hans Rainer passe quelques ann\u00e9es en Italie et aux \u00c9tats-Unis. Ces s\u00e9jours sont pour lui l\u2019occasion d\u2019\u00e9tablir des contacts dans le monde entier, d\u2019acqu\u00e9rir la sensibilit\u00e9 indispensable pour aborder diff\u00e9rentes cultures [&hellip;]<\/p>\n","protected":false},"author":1,"featured_media":0,"parent":0,"menu_order":0,"comment_status":"closed","ping_status":"closed","template":"","meta":{"_acf_changed":false,"ngg_post_thumbnail":0,"footnotes":""},"class_list":["post-224","page","type-page","status-publish","hentry"],"acf":[],"_links":{"self":[{"href":"http:\/\/www.rainer-timber.at\/fr\/wp-json\/wp\/v2\/pages\/224","targetHints":{"allow":["GET"]}}],"collection":[{"href":"http:\/\/www.rainer-timber.at\/fr\/wp-json\/wp\/v2\/pages"}],"about":[{"href":"http:\/\/www.rainer-timber.at\/fr\/wp-json\/wp\/v2\/types\/page"}],"author":[{"embeddable":true,"href":"http:\/\/www.rainer-timber.at\/fr\/wp-json\/wp\/v2\/users\/1"}],"replies":[{"embeddable":true,"href":"http:\/\/www.rainer-timber.at\/fr\/wp-json\/wp\/v2\/comments?post=224"}],"version-history":[{"count":4,"href":"http:\/\/www.rainer-timber.at\/fr\/wp-json\/wp\/v2\/pages\/224\/revisions"}],"predecessor-version":[{"id":326,"href":"http:\/\/www.rainer-timber.at\/fr\/wp-json\/wp\/v2\/pages\/224\/revisions\/326"}],"wp:attachment":[{"href":"http:\/\/www.rainer-timber.at\/fr\/wp-json\/wp\/v2\/media?parent=224"}],"curies":[{"name":"wp","href":"https:\/\/api.w.org\/{rel}","templated":true}]}}